{"id":5909,"date":"2025-01-10T19:49:36","date_gmt":"2025-01-10T19:49:36","guid":{"rendered":"https:\/\/www.echelecabeza.com\/?page_id=5909"},"modified":"2025-05-27T19:42:36","modified_gmt":"2025-05-27T19:42:36","slug":"publicaciones","status":"publish","type":"page","link":"https:\/\/www.echelecabeza.com\/publicaciones\/","title":{"rendered":"Publicaciones"},"content":{"rendered":"\t\t<div data-elementor-type=\"wp-page\" data-elementor-id=\"5909\" class=\"elementor elementor-5909\" data-elementor-post-type=\"page\">\n\t\t\t\t\t\t<section class=\"elementor-section elementor-top-section elementor-element elementor-element-da5bf99 elementor-section-boxed elementor-section-height-default elementor-section-height-default\" data-id=\"da5bf99\" data-element_type=\"section\" data-settings=\"{&quot;background_background&quot;:&quot;classic&quot;}\">\n\t\t\t\t\t\t\t<div class=\"elementor-background-overlay\"><\/div>\n\t\t\t\t\t\t\t<div class=\"elementor-container elementor-column-gap-default\">\n\t\t\t\t\t<div class=\"elementor-column elementor-col-100 elementor-top-column elementor-element elementor-element-5e840e0\" data-id=\"5e840e0\" data-element_type=\"column\">\n\t\t\t<div class=\"elementor-widget-wrap elementor-element-populated\">\n\t\t\t\t\t\t<div class=\"elementor-element elementor-element-2b792b5 elementor-widget__width-initial elementor-widget elementor-widget-heading\" data-id=\"2b792b5\" data-element_type=\"widget\" data-widget_type=\"heading.default\">\n\t\t\t\t<div class=\"elementor-widget-container\">\n\t\t\t\t\t<h1 class=\"elementor-heading-title elementor-size-default\">Publicaciones<\/h1>\t\t\t\t<\/div>\n\t\t\t\t<\/div>\n\t\t\t\t<section class=\"elementor-section elementor-inner-section elementor-element elementor-element-05b358e elementor-section-content-middle elementor-section-boxed elementor-section-height-default elementor-section-height-default\" data-id=\"05b358e\" data-element_type=\"section\">\n\t\t\t\t\t\t<div class=\"elementor-container elementor-column-gap-default\">\n\t\t\t\t\t<div class=\"elementor-column elementor-col-50 elementor-inner-column elementor-element elementor-element-409020d\" data-id=\"409020d\" data-element_type=\"column\">\n\t\t\t<div class=\"elementor-widget-wrap elementor-element-populated\">\n\t\t\t\t\t\t<div class=\"elementor-element elementor-element-40e0012 elementor-widget elementor-widget-text-editor\" data-id=\"40e0012\" data-element_type=\"widget\" data-widget_type=\"text-editor.default\">\n\t\t\t\t<div class=\"elementor-widget-container\">\n\t\t\t\t\t\t\t\t\t<p>Encuentra todas las publicaciones que \u00c9chele Cabeza. Encuentra art\u00edculos, noticias, infogr\u00e1ficos e informaci\u00f3n importante sobre el consumo responsable de sustancias psicoactivas.<\/p>\t\t\t\t\t\t\t\t<\/div>\n\t\t\t\t<\/div>\n\t\t\t\t\t<\/div>\n\t\t<\/div>\n\t\t\t\t<div class=\"elementor-column elementor-col-50 elementor-inner-column elementor-element elementor-element-65cfc24\" data-id=\"65cfc24\" data-element_type=\"column\">\n\t\t\t<div class=\"elementor-widget-wrap elementor-element-populated\">\n\t\t\t\t\t\t<div class=\"elementor-element elementor-element-62f4f00 elementor-widget elementor-widget-search\" data-id=\"62f4f00\" data-element_type=\"widget\" data-settings=\"{&quot;submit_trigger&quot;:&quot;both&quot;,&quot;pagination_type_options&quot;:&quot;none&quot;}\" data-widget_type=\"search.default\">\n\t\t\t\t<div class=\"elementor-widget-container\">\n\t\t\t\t\t\t\t<search class=\"e-search hidden\" role=\"search\">\n\t\t\t<form class=\"e-search-form\" action=\"https:\/\/www.echelecabeza.com\" method=\"get\">\n\n\t\t\t\t\n\t\t\t\t<label class=\"e-search-label\" for=\"search-62f4f00\">\n\t\t\t\t\t<span class=\"elementor-screen-only\">\n\t\t\t\t\t\tSearch\t\t\t\t\t<\/span>\n\t\t\t\t\t\t\t\t\t<\/label>\n\n\t\t\t\t<div class=\"e-search-input-wrapper\">\n\t\t\t\t\t<input id=\"search-62f4f00\" placeholder=\"Escribe aqu\u00ed\" class=\"e-search-input\" type=\"search\" name=\"s\" value=\"\" autocomplete=\"off\" role=\"combobox\" aria-autocomplete=\"list\" aria-expanded=\"false\" aria-controls=\"results-62f4f00\" aria-haspopup=\"listbox\">\n\t\t\t\t\t<i aria-hidden=\"true\" class=\"fas fa-times\"><\/i>\t\t\t\t\t\t\t\t\t\t<output id=\"results-62f4f00\" class=\"e-search-results-container hide-loader\" aria-live=\"polite\" aria-atomic=\"true\" aria-label=\"Results for search\" tabindex=\"0\">\n\t\t\t\t\t\t<div class=\"e-search-results\"><\/div>\n\t\t\t\t\t\t\t\t\t\t\t<\/output>\n\t\t\t\t\t\t\t\t\t<\/div>\n\t\t\t\t\n\t\t\t\t\n\t\t\t\t<button class=\"e-search-submit  \" type=\"submit\">\n\t\t\t\t\t\n\t\t\t\t\t\t\t\t\t\t<span class=\"\">\n\t\t\t\t\t\tBuscar\t\t\t\t\t<\/span>\n\t\t\t\t\t\t\t\t\t<\/button>\n\t\t\t\t<input type=\"hidden\" name=\"e_search_props\" value=\"62f4f00-5909\">\n\t\t\t<\/form>\n\t\t<\/search>\n\t\t\t\t\t\t<\/div>\n\t\t\t\t<\/div>\n\t\t\t\t\t<\/div>\n\t\t<\/div>\n\t\t\t\t\t<\/div>\n\t\t<\/section>\n\t\t\t\t\t<\/div>\n\t\t<\/div>\n\t\t\t\t\t<\/div>\n\t\t<\/section>\n\t\t\t\t<header class=\"elementor-section elementor-top-section elementor-element elementor-element-9d50e42 elementor-section-height-min-height elementor-section-boxed elementor-section-height-default elementor-section-items-middle\" data-id=\"9d50e42\" data-element_type=\"section\" data-settings=\"{&quot;background_background&quot;:&quot;classic&quot;}\">\n\t\t\t\t\t\t<div class=\"elementor-container elementor-column-gap-default\">\n\t\t\t\t\t<div class=\"elementor-column elementor-col-100 elementor-top-column elementor-element elementor-element-85652de\" data-id=\"85652de\" data-element_type=\"column\">\n\t\t\t<div class=\"elementor-widget-wrap elementor-element-populated\">\n\t\t\t\t\t\t<div class=\"elementor-element elementor-element-bf5a7f4 elementor-grid-3 elementor-grid-tablet-2 elementor-grid-mobile-1 elementor-posts--thumbnail-top elementor-card-shadow-yes elementor-posts__hover-gradient elementor-widget elementor-widget-posts\" data-id=\"bf5a7f4\" data-element_type=\"widget\" data-settings=\"{&quot;pagination_type&quot;:&quot;load_more_infinite_scroll&quot;,&quot;cards_columns&quot;:&quot;3&quot;,&quot;cards_columns_tablet&quot;:&quot;2&quot;,&quot;cards_columns_mobile&quot;:&quot;1&quot;,&quot;cards_row_gap&quot;:{&quot;unit&quot;:&quot;px&quot;,&quot;size&quot;:35,&quot;sizes&quot;:[]},&quot;cards_row_gap_tablet&quot;:{&quot;unit&quot;:&quot;px&quot;,&quot;size&quot;:&quot;&quot;,&quot;sizes&quot;:[]},&quot;cards_row_gap_mobile&quot;:{&quot;unit&quot;:&quot;px&quot;,&quot;size&quot;:&quot;&quot;,&quot;sizes&quot;:[]},&quot;load_more_spinner&quot;:{&quot;value&quot;:&quot;fas fa-spinner&quot;,&quot;library&quot;:&quot;fa-solid&quot;}}\" data-widget_type=\"posts.cards\">\n\t\t\t\t<div class=\"elementor-widget-container\">\n\t\t\t\t\t\t\t<div class=\"elementor-posts-container elementor-posts elementor-posts--skin-cards elementor-grid\" role=\"list\">\n\t\t\t\t<article class=\"elementor-post elementor-grid-item post-7336 post type-post status-publish format-standard has-post-thumbnail hentry category-publicaciones\" role=\"listitem\">\n\t\t\t<div class=\"elementor-post__card\">\n\t\t\t\t<a class=\"elementor-post__thumbnail__link\" href=\"https:\/\/www.echelecabeza.com\/si-ya-sabemos-como-se-ponen-las-fiestas-de-halloween-por-que-nos-vuelve-a-pasar\/\" tabindex=\"-1\"><div class=\"elementor-post__thumbnail\"><img fetchpriority=\"high\" decoding=\"async\" width=\"300\" height=\"200\" src=\"https:\/\/www.echelecabeza.com\/wp-content\/uploads\/2025\/11\/HalloweenEC25_PortadaWEB-300x200.jpeg\" class=\"attachment-medium size-medium wp-image-7338\" alt=\"\" srcset=\"https:\/\/www.echelecabeza.com\/wp-content\/uploads\/2025\/11\/HalloweenEC25_PortadaWEB-300x200.jpeg 300w, https:\/\/www.echelecabeza.com\/wp-content\/uploads\/2025\/11\/HalloweenEC25_PortadaWEB-1024x682.jpeg 1024w, https:\/\/www.echelecabeza.com\/wp-content\/uploads\/2025\/11\/HalloweenEC25_PortadaWEB-768x512.jpeg 768w, https:\/\/www.echelecabeza.com\/wp-content\/uploads\/2025\/11\/HalloweenEC25_PortadaWEB-1536x1023.jpeg 1536w, https:\/\/www.echelecabeza.com\/wp-content\/uploads\/2025\/11\/HalloweenEC25_PortadaWEB.jpeg 1621w\" sizes=\"(max-width: 300px) 100vw, 300px\" title=\"\"><\/div><\/a>\n\t\t\t\t<div class=\"elementor-post__badge\">Publicaciones<\/div>\n\t\t\t\t<div class=\"elementor-post__text\">\n\t\t\t\t<h2 class=\"elementor-post__title\">\n\t\t\t<a href=\"https:\/\/www.echelecabeza.com\/si-ya-sabemos-como-se-ponen-las-fiestas-de-halloween-por-que-nos-vuelve-a-pasar\/\">\n\t\t\t\tSi ya sabemos c\u00f3mo se ponen las fiestas de Halloween \u00bfpor qu\u00e9 nos vuelve a pasar?\t\t\t<\/a>\n\t\t<\/h2>\n\t\t\t\t<div class=\"elementor-post__excerpt\">\n\t\t\t<p>Las fiestas de Halloween revelan los vac\u00edos en el manejo del consumo, el cuidado en eventos masivos y la urgencia de estrategias efectivas para salvar vidas.<\/p>\n\t\t<\/div>\n\t\t\t\t\t<div class=\"elementor-post__read-more-wrapper\">\n\t\t\n\t\t<a class=\"elementor-post__read-more\" href=\"https:\/\/www.echelecabeza.com\/si-ya-sabemos-como-se-ponen-las-fiestas-de-halloween-por-que-nos-vuelve-a-pasar\/\" aria-label=\"Read more about Si ya sabemos c\u00f3mo se ponen las fiestas de Halloween \u00bfpor qu\u00e9 nos vuelve a pasar?\" tabindex=\"-1\">\n\t\t\tContinua leyendo\t\t<\/a>\n\n\t\t\t\t\t<\/div>\n\t\t\t\t<\/div>\n\t\t\t\t<div class=\"elementor-post__meta-data\">\n\t\t\t\t\t<span class=\"elementor-post-date\">\n\t\t\tnoviembre 4, 2025\t\t<\/span>\n\t\t\t\t<\/div>\n\t\t\t\t\t<\/div>\n\t\t<\/article>\n\t\t\t\t<article class=\"elementor-post elementor-grid-item post-7321 post type-post status-publish format-standard has-post-thumbnail hentry category-publicaciones\" role=\"listitem\">\n\t\t\t<div class=\"elementor-post__card\">\n\t\t\t\t<a class=\"elementor-post__thumbnail__link\" href=\"https:\/\/www.echelecabeza.com\/zona-cero-cuando-la-fiesta-falla-en-garantizar-cuidado-y-derechos\/\" tabindex=\"-1\"><div class=\"elementor-post__thumbnail\"><img decoding=\"async\" width=\"300\" height=\"200\" src=\"https:\/\/www.echelecabeza.com\/wp-content\/uploads\/2025\/10\/Doom_PortadaWEB-300x200.jpg\" class=\"attachment-medium size-medium wp-image-7322\" alt=\"\" srcset=\"https:\/\/www.echelecabeza.com\/wp-content\/uploads\/2025\/10\/Doom_PortadaWEB-300x200.jpg 300w, https:\/\/www.echelecabeza.com\/wp-content\/uploads\/2025\/10\/Doom_PortadaWEB-1024x682.jpg 1024w, https:\/\/www.echelecabeza.com\/wp-content\/uploads\/2025\/10\/Doom_PortadaWEB-768x512.jpg 768w, https:\/\/www.echelecabeza.com\/wp-content\/uploads\/2025\/10\/Doom_PortadaWEB-1536x1023.jpg 1536w, https:\/\/www.echelecabeza.com\/wp-content\/uploads\/2025\/10\/Doom_PortadaWEB.jpg 1621w\" sizes=\"(max-width: 300px) 100vw, 300px\" title=\"\"><\/div><\/a>\n\t\t\t\t<div class=\"elementor-post__badge\">Publicaciones<\/div>\n\t\t\t\t<div class=\"elementor-post__text\">\n\t\t\t\t<h2 class=\"elementor-post__title\">\n\t\t\t<a href=\"https:\/\/www.echelecabeza.com\/zona-cero-cuando-la-fiesta-falla-en-garantizar-cuidado-y-derechos\/\">\n\t\t\t\tZona Cero: cuando la fiesta falla en garantizar cuidado y derechos\t\t\t<\/a>\n\t\t<\/h2>\n\t\t\t\t<div class=\"elementor-post__excerpt\">\n\t\t\t<p>Reflexi\u00f3n sobre la fiesta Zona Cero de DOOM y Rebels Records: prohibicionismo, ausencia de cuidado y la urgencia de implementar reducci\u00f3n de da\u00f1os reales.<\/p>\n\t\t<\/div>\n\t\t\t\t\t<div class=\"elementor-post__read-more-wrapper\">\n\t\t\n\t\t<a class=\"elementor-post__read-more\" href=\"https:\/\/www.echelecabeza.com\/zona-cero-cuando-la-fiesta-falla-en-garantizar-cuidado-y-derechos\/\" aria-label=\"Read more about Zona Cero: cuando la fiesta falla en garantizar cuidado y derechos\" tabindex=\"-1\">\n\t\t\tContinua leyendo\t\t<\/a>\n\n\t\t\t\t\t<\/div>\n\t\t\t\t<\/div>\n\t\t\t\t<div class=\"elementor-post__meta-data\">\n\t\t\t\t\t<span class=\"elementor-post-date\">\n\t\t\toctubre 19, 2025\t\t<\/span>\n\t\t\t\t<\/div>\n\t\t\t\t\t<\/div>\n\t\t<\/article>\n\t\t\t\t<article class=\"elementor-post elementor-grid-item post-7316 post type-post status-publish format-standard has-post-thumbnail hentry category-publicaciones\" role=\"listitem\">\n\t\t\t<div class=\"elementor-post__card\">\n\t\t\t\t<a class=\"elementor-post__thumbnail__link\" href=\"https:\/\/www.echelecabeza.com\/adicciones-sin-sustancias\/\" tabindex=\"-1\"><div class=\"elementor-post__thumbnail\"><img decoding=\"async\" width=\"300\" height=\"200\" src=\"https:\/\/www.echelecabeza.com\/wp-content\/uploads\/2025\/10\/Adiccion-a-las-Redes-sociales-300x200.jpg\" class=\"attachment-medium size-medium wp-image-7317\" alt=\"\" srcset=\"https:\/\/www.echelecabeza.com\/wp-content\/uploads\/2025\/10\/Adiccion-a-las-Redes-sociales-300x200.jpg 300w, https:\/\/www.echelecabeza.com\/wp-content\/uploads\/2025\/10\/Adiccion-a-las-Redes-sociales-1024x682.jpg 1024w, https:\/\/www.echelecabeza.com\/wp-content\/uploads\/2025\/10\/Adiccion-a-las-Redes-sociales-768x512.jpg 768w, https:\/\/www.echelecabeza.com\/wp-content\/uploads\/2025\/10\/Adiccion-a-las-Redes-sociales-1536x1023.jpg 1536w, https:\/\/www.echelecabeza.com\/wp-content\/uploads\/2025\/10\/Adiccion-a-las-Redes-sociales.jpg 1621w\" sizes=\"(max-width: 300px) 100vw, 300px\" title=\"\"><\/div><\/a>\n\t\t\t\t<div class=\"elementor-post__badge\">Publicaciones<\/div>\n\t\t\t\t<div class=\"elementor-post__text\">\n\t\t\t\t<h2 class=\"elementor-post__title\">\n\t\t\t<a href=\"https:\/\/www.echelecabeza.com\/adicciones-sin-sustancias\/\">\n\t\t\t\tAdicciones sin sustancias: pantallas, redes sociales y c\u00f3mo reducir riesgos digitales\t\t\t<\/a>\n\t\t<\/h2>\n\t\t\t\t<div class=\"elementor-post__excerpt\">\n\t\t\t<p>\u00bfPuede haber adicci\u00f3n sin sustancias? Esta reflexi\u00f3n explora c\u00f3mo el uso excesivo de redes sociales y pantallas puede afectar tu bienestar. Conoce claves para un uso m\u00e1s consciente desde la reducci\u00f3n de riesgos y da\u00f1os.<\/p>\n\t\t<\/div>\n\t\t\t\t\t<div class=\"elementor-post__read-more-wrapper\">\n\t\t\n\t\t<a class=\"elementor-post__read-more\" href=\"https:\/\/www.echelecabeza.com\/adicciones-sin-sustancias\/\" aria-label=\"Read more about Adicciones sin sustancias: pantallas, redes sociales y c\u00f3mo reducir riesgos digitales\" tabindex=\"-1\">\n\t\t\tContinua leyendo\t\t<\/a>\n\n\t\t\t\t\t<\/div>\n\t\t\t\t<\/div>\n\t\t\t\t<div class=\"elementor-post__meta-data\">\n\t\t\t\t\t<span class=\"elementor-post-date\">\n\t\t\toctubre 9, 2025\t\t<\/span>\n\t\t\t\t<\/div>\n\t\t\t\t\t<\/div>\n\t\t<\/article>\n\t\t\t\t<article class=\"elementor-post elementor-grid-item post-7301 post type-post status-publish format-standard has-post-thumbnail hentry category-publicaciones\" role=\"listitem\">\n\t\t\t<div class=\"elementor-post__card\">\n\t\t\t\t<a class=\"elementor-post__thumbnail__link\" href=\"https:\/\/www.echelecabeza.com\/breve-historia-de-la-sintesis-de-la-empatia-mdma\/\" tabindex=\"-1\"><div class=\"elementor-post__thumbnail\"><img loading=\"lazy\" decoding=\"async\" width=\"300\" height=\"200\" src=\"https:\/\/www.echelecabeza.com\/wp-content\/uploads\/2025\/08\/Historia_MDMA-300x200.jpg\" class=\"attachment-medium size-medium wp-image-7305\" alt=\"\" srcset=\"https:\/\/www.echelecabeza.com\/wp-content\/uploads\/2025\/08\/Historia_MDMA-300x200.jpg 300w, https:\/\/www.echelecabeza.com\/wp-content\/uploads\/2025\/08\/Historia_MDMA-1024x682.jpg 1024w, https:\/\/www.echelecabeza.com\/wp-content\/uploads\/2025\/08\/Historia_MDMA-768x511.jpg 768w, https:\/\/www.echelecabeza.com\/wp-content\/uploads\/2025\/08\/Historia_MDMA-1536x1023.jpg 1536w, https:\/\/www.echelecabeza.com\/wp-content\/uploads\/2025\/08\/Historia_MDMA.jpg 1622w\" sizes=\"(max-width: 300px) 100vw, 300px\" title=\"\"><\/div><\/a>\n\t\t\t\t<div class=\"elementor-post__badge\">Publicaciones<\/div>\n\t\t\t\t<div class=\"elementor-post__text\">\n\t\t\t\t<h2 class=\"elementor-post__title\">\n\t\t\t<a href=\"https:\/\/www.echelecabeza.com\/breve-historia-de-la-sintesis-de-la-empatia-mdma\/\">\n\t\t\t\tBreve historia de la s\u00edntesis de la empat\u00eda (MDMA)\t\t\t<\/a>\n\t\t<\/h2>\n\t\t\t\t<div class=\"elementor-post__excerpt\">\n\t\t\t<p>La MDMA, conocida como \u00e9xtasis, tiene una historia que va desde laboratorios militares secretos hasta terapias experimentales y pistas de baile. Este recorrido explora sus or\u00edgenes, transformaciones y retos actuales, as\u00ed como recomendaciones para un uso m\u00e1s seguro.<\/p>\n\t\t<\/div>\n\t\t\t\t\t<div class=\"elementor-post__read-more-wrapper\">\n\t\t\n\t\t<a class=\"elementor-post__read-more\" href=\"https:\/\/www.echelecabeza.com\/breve-historia-de-la-sintesis-de-la-empatia-mdma\/\" aria-label=\"Read more about Breve historia de la s\u00edntesis de la empat\u00eda (MDMA)\" tabindex=\"-1\">\n\t\t\tContinua leyendo\t\t<\/a>\n\n\t\t\t\t\t<\/div>\n\t\t\t\t<\/div>\n\t\t\t\t<div class=\"elementor-post__meta-data\">\n\t\t\t\t\t<span class=\"elementor-post-date\">\n\t\t\tagosto 14, 2025\t\t<\/span>\n\t\t\t\t<\/div>\n\t\t\t\t\t<\/div>\n\t\t<\/article>\n\t\t\t\t<article class=\"elementor-post elementor-grid-item post-7292 post type-post status-publish format-standard has-post-thumbnail hentry category-publicaciones\" role=\"listitem\">\n\t\t\t<div class=\"elementor-post__card\">\n\t\t\t\t<a class=\"elementor-post__thumbnail__link\" href=\"https:\/\/www.echelecabeza.com\/entre-el-sensacionalismo-y-la-evidencia-ii-parte-el-posible-dano-a-la-vejiga-en-usos-prolongados-frecuentes-y-abundantes-de-ketamina-y-tusi\/\" tabindex=\"-1\"><div class=\"elementor-post__thumbnail\"><img loading=\"lazy\" decoding=\"async\" width=\"300\" height=\"200\" src=\"https:\/\/www.echelecabeza.com\/wp-content\/uploads\/2025\/07\/Ketamina-y-tusi-riesgo-para-la-vejiga--300x200.jpg\" class=\"attachment-medium size-medium wp-image-7293\" alt=\"\" srcset=\"https:\/\/www.echelecabeza.com\/wp-content\/uploads\/2025\/07\/Ketamina-y-tusi-riesgo-para-la-vejiga--300x200.jpg 300w, https:\/\/www.echelecabeza.com\/wp-content\/uploads\/2025\/07\/Ketamina-y-tusi-riesgo-para-la-vejiga--1024x683.jpg 1024w, https:\/\/www.echelecabeza.com\/wp-content\/uploads\/2025\/07\/Ketamina-y-tusi-riesgo-para-la-vejiga-.jpg 1621w\" sizes=\"(max-width: 300px) 100vw, 300px\" title=\"\"><\/div><\/a>\n\t\t\t\t<div class=\"elementor-post__badge\">Publicaciones<\/div>\n\t\t\t\t<div class=\"elementor-post__text\">\n\t\t\t\t<h2 class=\"elementor-post__title\">\n\t\t\t<a href=\"https:\/\/www.echelecabeza.com\/entre-el-sensacionalismo-y-la-evidencia-ii-parte-el-posible-dano-a-la-vejiga-en-usos-prolongados-frecuentes-y-abundantes-de-ketamina-y-tusi\/\">\n\t\t\t\tENTRE EL SENSACIONALISMO Y LA EVIDENCIA II Parte: El posible da\u00f1o a la vejiga en usos prolongados, frecuentes y abundantes de ketamina y tusi\t\t\t<\/a>\n\t\t<\/h2>\n\t\t\t\t<div class=\"elementor-post__excerpt\">\n\t\t\t<p>El uso continuo y frecuente de ketamina, principal componente del tusi, puede causar graves da\u00f1os al sistema urinario como la cistitis ketam\u00ednica. Este art\u00edculo explica las etapas de la afecci\u00f3n, s\u00edntomas clave, factores de riesgo y se\u00f1ales de alerta para personas usuarias. Una gu\u00eda basada en evidencia para promover el cuidado y la reducci\u00f3n de riesgos.<\/p>\n\t\t<\/div>\n\t\t\t\t\t<div class=\"elementor-post__read-more-wrapper\">\n\t\t\n\t\t<a class=\"elementor-post__read-more\" href=\"https:\/\/www.echelecabeza.com\/entre-el-sensacionalismo-y-la-evidencia-ii-parte-el-posible-dano-a-la-vejiga-en-usos-prolongados-frecuentes-y-abundantes-de-ketamina-y-tusi\/\" aria-label=\"Read more about ENTRE EL SENSACIONALISMO Y LA EVIDENCIA II Parte: El posible da\u00f1o a la vejiga en usos prolongados, frecuentes y abundantes de ketamina y tusi\" tabindex=\"-1\">\n\t\t\tContinua leyendo\t\t<\/a>\n\n\t\t\t\t\t<\/div>\n\t\t\t\t<\/div>\n\t\t\t\t<div class=\"elementor-post__meta-data\">\n\t\t\t\t\t<span class=\"elementor-post-date\">\n\t\t\tagosto 4, 2025\t\t<\/span>\n\t\t\t\t<\/div>\n\t\t\t\t\t<\/div>\n\t\t<\/article>\n\t\t\t\t<article class=\"elementor-post elementor-grid-item post-7288 post type-post status-publish format-standard has-post-thumbnail hentry category-publicaciones\" role=\"listitem\">\n\t\t\t<div class=\"elementor-post__card\">\n\t\t\t\t<a class=\"elementor-post__thumbnail__link\" href=\"https:\/\/www.echelecabeza.com\/entre-el-sensacionalismo-y-la-evidencia-la-xilacina-no-muestra-el-verdadero-problema-del-tusi\/\" tabindex=\"-1\"><div class=\"elementor-post__thumbnail\"><img loading=\"lazy\" decoding=\"async\" width=\"300\" height=\"200\" src=\"https:\/\/www.echelecabeza.com\/wp-content\/uploads\/2025\/07\/Xilacina-en-muestras-de-tusi-300x200.jpg\" class=\"attachment-medium size-medium wp-image-7289\" alt=\"\" srcset=\"https:\/\/www.echelecabeza.com\/wp-content\/uploads\/2025\/07\/Xilacina-en-muestras-de-tusi-300x200.jpg 300w, https:\/\/www.echelecabeza.com\/wp-content\/uploads\/2025\/07\/Xilacina-en-muestras-de-tusi-1024x684.jpg 1024w, https:\/\/www.echelecabeza.com\/wp-content\/uploads\/2025\/07\/Xilacina-en-muestras-de-tusi-768x513.jpg 768w, https:\/\/www.echelecabeza.com\/wp-content\/uploads\/2025\/07\/Xilacina-en-muestras-de-tusi-1536x1025.jpg 1536w, https:\/\/www.echelecabeza.com\/wp-content\/uploads\/2025\/07\/Xilacina-en-muestras-de-tusi.jpg 1621w\" sizes=\"(max-width: 300px) 100vw, 300px\" title=\"\"><\/div><\/a>\n\t\t\t\t<div class=\"elementor-post__badge\">Publicaciones<\/div>\n\t\t\t\t<div class=\"elementor-post__text\">\n\t\t\t\t<h2 class=\"elementor-post__title\">\n\t\t\t<a href=\"https:\/\/www.echelecabeza.com\/entre-el-sensacionalismo-y-la-evidencia-la-xilacina-no-muestra-el-verdadero-problema-del-tusi\/\">\n\t\t\t\tENTRE EL SENSACIONALISMO Y LA EVIDENCIA I Parte: La xilacina no muestra el verdadero problema del tusi\t\t\t<\/a>\n\t\t<\/h2>\n\t\t\t\t<div class=\"elementor-post__excerpt\">\n\t\t\t<p>La presencia de xilacina en cinco muestras de tusi analizadas en Bogot\u00e1 ha sido difundida con alarma por los medios. Sin embargo, este an\u00e1lisis qu\u00edmico y contextual evidencia que el riesgo ha sido sobredimensionado. M\u00e1s all\u00e1 del sensacionalismo, lo que realmente deber\u00eda preocupar es la desinformaci\u00f3n y su impacto en las din\u00e1micas del mercado y las pr\u00e1cticas de consumo en Colombia.<\/p>\n\t\t<\/div>\n\t\t\t\t\t<div class=\"elementor-post__read-more-wrapper\">\n\t\t\n\t\t<a class=\"elementor-post__read-more\" href=\"https:\/\/www.echelecabeza.com\/entre-el-sensacionalismo-y-la-evidencia-la-xilacina-no-muestra-el-verdadero-problema-del-tusi\/\" aria-label=\"Read more about ENTRE EL SENSACIONALISMO Y LA EVIDENCIA I Parte: La xilacina no muestra el verdadero problema del tusi\" tabindex=\"-1\">\n\t\t\tContinua leyendo\t\t<\/a>\n\n\t\t\t\t\t<\/div>\n\t\t\t\t<\/div>\n\t\t\t\t<div class=\"elementor-post__meta-data\">\n\t\t\t\t\t<span class=\"elementor-post-date\">\n\t\t\tjulio 28, 2025\t\t<\/span>\n\t\t\t\t<\/div>\n\t\t\t\t\t<\/div>\n\t\t<\/article>\n\t\t\t\t<article class=\"elementor-post elementor-grid-item post-7281 post type-post status-publish format-standard has-post-thumbnail hentry category-publicaciones\" role=\"listitem\">\n\t\t\t<div class=\"elementor-post__card\">\n\t\t\t\t<a class=\"elementor-post__thumbnail__link\" href=\"https:\/\/www.echelecabeza.com\/la-tecnificacion-de-la-prohibicion-de-la-rumba-y-el-consumo-de-alcohol-en-bogota\/\" tabindex=\"-1\"><div class=\"elementor-post__thumbnail\"><img loading=\"lazy\" decoding=\"async\" width=\"300\" height=\"200\" src=\"https:\/\/www.echelecabeza.com\/wp-content\/uploads\/2025\/07\/Prohibicionismo-de-la-rumba-en-Bogota-300x200.jpg\" class=\"attachment-medium size-medium wp-image-7283\" alt=\"\" srcset=\"https:\/\/www.echelecabeza.com\/wp-content\/uploads\/2025\/07\/Prohibicionismo-de-la-rumba-en-Bogota-300x200.jpg 300w, https:\/\/www.echelecabeza.com\/wp-content\/uploads\/2025\/07\/Prohibicionismo-de-la-rumba-en-Bogota-1024x682.jpg 1024w, https:\/\/www.echelecabeza.com\/wp-content\/uploads\/2025\/07\/Prohibicionismo-de-la-rumba-en-Bogota-768x512.jpg 768w, https:\/\/www.echelecabeza.com\/wp-content\/uploads\/2025\/07\/Prohibicionismo-de-la-rumba-en-Bogota-1536x1023.jpg 1536w, https:\/\/www.echelecabeza.com\/wp-content\/uploads\/2025\/07\/Prohibicionismo-de-la-rumba-en-Bogota.jpg 1621w\" sizes=\"(max-width: 300px) 100vw, 300px\" title=\"\"><\/div><\/a>\n\t\t\t\t<div class=\"elementor-post__badge\">Publicaciones<\/div>\n\t\t\t\t<div class=\"elementor-post__text\">\n\t\t\t\t<h2 class=\"elementor-post__title\">\n\t\t\t<a href=\"https:\/\/www.echelecabeza.com\/la-tecnificacion-de-la-prohibicion-de-la-rumba-y-el-consumo-de-alcohol-en-bogota\/\">\n\t\t\t\tLa tecnificaci\u00f3n de la prohibici\u00f3n de la rumba y el consumo de alcohol en Bogot\u00e1\t\t\t<\/a>\n\t\t<\/h2>\n\t\t\t\t<div class=\"elementor-post__excerpt\">\n\t\t\t<p>El Decreto 293 de 2025, impulsado por la Alcald\u00eda de Bogot\u00e1, retoma medidas punitivas bajo un enfoque tecnificado sin abordar las causas estructurales del consumo de alcohol y sustancias en la ciudad. Esta columna propone una mirada desde la salud p\u00fablica, los derechos y la participaci\u00f3n ciudadana para transformar verdaderamente la noche bogotana.<\/p>\n\t\t<\/div>\n\t\t\t\t\t<div class=\"elementor-post__read-more-wrapper\">\n\t\t\n\t\t<a class=\"elementor-post__read-more\" href=\"https:\/\/www.echelecabeza.com\/la-tecnificacion-de-la-prohibicion-de-la-rumba-y-el-consumo-de-alcohol-en-bogota\/\" aria-label=\"Read more about La tecnificaci\u00f3n de la prohibici\u00f3n de la rumba y el consumo de alcohol en Bogot\u00e1\" tabindex=\"-1\">\n\t\t\tContinua leyendo\t\t<\/a>\n\n\t\t\t\t\t<\/div>\n\t\t\t\t<\/div>\n\t\t\t\t<div class=\"elementor-post__meta-data\">\n\t\t\t\t\t<span class=\"elementor-post-date\">\n\t\t\tjulio 22, 2025\t\t<\/span>\n\t\t\t\t<\/div>\n\t\t\t\t\t<\/div>\n\t\t<\/article>\n\t\t\t\t<article class=\"elementor-post elementor-grid-item post-7240 post type-post status-publish format-standard has-post-thumbnail hentry category-publicaciones\" role=\"listitem\">\n\t\t\t<div class=\"elementor-post__card\">\n\t\t\t\t<a class=\"elementor-post__thumbnail__link\" href=\"https:\/\/www.echelecabeza.com\/recomendaciones-para-el-consumo-de-sustancias-psicoactivas-si-visitas-bogota-y-colombia\/\" tabindex=\"-1\"><div class=\"elementor-post__thumbnail\"><img loading=\"lazy\" decoding=\"async\" width=\"300\" height=\"200\" src=\"https:\/\/www.echelecabeza.com\/wp-content\/uploads\/2025\/07\/Portada_RecomendacionesExtranjeros-300x200.jpg\" class=\"attachment-medium size-medium wp-image-7269\" alt=\"\" srcset=\"https:\/\/www.echelecabeza.com\/wp-content\/uploads\/2025\/07\/Portada_RecomendacionesExtranjeros-300x200.jpg 300w, https:\/\/www.echelecabeza.com\/wp-content\/uploads\/2025\/07\/Portada_RecomendacionesExtranjeros-1024x682.jpg 1024w, https:\/\/www.echelecabeza.com\/wp-content\/uploads\/2025\/07\/Portada_RecomendacionesExtranjeros-768x512.jpg 768w, https:\/\/www.echelecabeza.com\/wp-content\/uploads\/2025\/07\/Portada_RecomendacionesExtranjeros-1536x1023.jpg 1536w, https:\/\/www.echelecabeza.com\/wp-content\/uploads\/2025\/07\/Portada_RecomendacionesExtranjeros.jpg 1621w\" sizes=\"(max-width: 300px) 100vw, 300px\" title=\"\"><\/div><\/a>\n\t\t\t\t<div class=\"elementor-post__badge\">Publicaciones<\/div>\n\t\t\t\t<div class=\"elementor-post__text\">\n\t\t\t\t<h2 class=\"elementor-post__title\">\n\t\t\t<a href=\"https:\/\/www.echelecabeza.com\/recomendaciones-para-el-consumo-de-sustancias-psicoactivas-si-visitas-bogota-y-colombia\/\">\n\t\t\t\tRecomendaciones para el consumo de sustancias psicoactivas durante tu estancia en Bogot\u00e1, y Colombia\t\t\t<\/a>\n\t\t<\/h2>\n\t\t\t\t<div class=\"elementor-post__excerpt\">\n\t\t\t<p>Recomendaciones para consumir sustancias de forma informada y segura durante tu viaje a Bogot\u00e1 y Colombia. Conoce riesgos, dosis y tips clave.<\/p>\n\t\t<\/div>\n\t\t\t\t\t<div class=\"elementor-post__read-more-wrapper\">\n\t\t\n\t\t<a class=\"elementor-post__read-more\" href=\"https:\/\/www.echelecabeza.com\/recomendaciones-para-el-consumo-de-sustancias-psicoactivas-si-visitas-bogota-y-colombia\/\" aria-label=\"Read more about Recomendaciones para el consumo de sustancias psicoactivas durante tu estancia en Bogot\u00e1, y Colombia\" tabindex=\"-1\">\n\t\t\tContinua leyendo\t\t<\/a>\n\n\t\t\t\t\t<\/div>\n\t\t\t\t<\/div>\n\t\t\t\t<div class=\"elementor-post__meta-data\">\n\t\t\t\t\t<span class=\"elementor-post-date\">\n\t\t\tjulio 15, 2025\t\t<\/span>\n\t\t\t\t<\/div>\n\t\t\t\t\t<\/div>\n\t\t<\/article>\n\t\t\t\t<article class=\"elementor-post elementor-grid-item post-7205 post type-post status-publish format-standard has-post-thumbnail hentry category-publicaciones\" role=\"listitem\">\n\t\t\t<div class=\"elementor-post__card\">\n\t\t\t\t<a class=\"elementor-post__thumbnail__link\" href=\"https:\/\/www.echelecabeza.com\/analisis-critico-de-los-hallazgos-del-observatorio-de-drogas-de-colombia-del-2023-y-2024\/\" tabindex=\"-1\"><div class=\"elementor-post__thumbnail\"><img loading=\"lazy\" decoding=\"async\" width=\"300\" height=\"200\" src=\"https:\/\/www.echelecabeza.com\/wp-content\/uploads\/2025\/07\/ANALISIS-INFORME-ODC-ECHELE-CABEZA-2-300x200.jpg\" class=\"attachment-medium size-medium wp-image-7220\" alt=\"\" srcset=\"https:\/\/www.echelecabeza.com\/wp-content\/uploads\/2025\/07\/ANALISIS-INFORME-ODC-ECHELE-CABEZA-2-300x200.jpg 300w, https:\/\/www.echelecabeza.com\/wp-content\/uploads\/2025\/07\/ANALISIS-INFORME-ODC-ECHELE-CABEZA-2-1024x682.jpg 1024w, https:\/\/www.echelecabeza.com\/wp-content\/uploads\/2025\/07\/ANALISIS-INFORME-ODC-ECHELE-CABEZA-2-768x512.jpg 768w, https:\/\/www.echelecabeza.com\/wp-content\/uploads\/2025\/07\/ANALISIS-INFORME-ODC-ECHELE-CABEZA-2-1536x1023.jpg 1536w, https:\/\/www.echelecabeza.com\/wp-content\/uploads\/2025\/07\/ANALISIS-INFORME-ODC-ECHELE-CABEZA-2.jpg 1621w\" sizes=\"(max-width: 300px) 100vw, 300px\" title=\"\"><\/div><\/a>\n\t\t\t\t<div class=\"elementor-post__badge\">Publicaciones<\/div>\n\t\t\t\t<div class=\"elementor-post__text\">\n\t\t\t\t<h2 class=\"elementor-post__title\">\n\t\t\t<a href=\"https:\/\/www.echelecabeza.com\/analisis-critico-de-los-hallazgos-del-observatorio-de-drogas-de-colombia-del-2023-y-2024\/\">\n\t\t\t\tREVISI\u00d3N Y AN\u00c1LISIS CR\u00cdTICO DE LOS HALLAZGOS DEL OBSERVATORIO DE DROGAS DE COLOMBIA DEL 2023 Y 2024\t\t\t<\/a>\n\t\t<\/h2>\n\t\t\t\t<div class=\"elementor-post__excerpt\">\n\t\t\t<p>Un an\u00e1lisis cr\u00edtico de las sustancias analizadas por el ODC en 2023 y 2024, con hallazgos clave sobre Tusi, coca\u00edna, hero\u00edna, cannabis y MDMA.<\/p>\n\t\t<\/div>\n\t\t\t\t\t<div class=\"elementor-post__read-more-wrapper\">\n\t\t\n\t\t<a class=\"elementor-post__read-more\" href=\"https:\/\/www.echelecabeza.com\/analisis-critico-de-los-hallazgos-del-observatorio-de-drogas-de-colombia-del-2023-y-2024\/\" aria-label=\"Read more about REVISI\u00d3N Y AN\u00c1LISIS CR\u00cdTICO DE LOS HALLAZGOS DEL OBSERVATORIO DE DROGAS DE COLOMBIA DEL 2023 Y 2024\" tabindex=\"-1\">\n\t\t\tContinua leyendo\t\t<\/a>\n\n\t\t\t\t\t<\/div>\n\t\t\t\t<\/div>\n\t\t\t\t<div class=\"elementor-post__meta-data\">\n\t\t\t\t\t<span class=\"elementor-post-date\">\n\t\t\tjulio 9, 2025\t\t<\/span>\n\t\t\t\t<\/div>\n\t\t\t\t\t<\/div>\n\t\t<\/article>\n\t\t\t\t<article class=\"elementor-post elementor-grid-item post-7181 post type-post status-publish format-standard has-post-thumbnail hentry category-publicaciones\" role=\"listitem\">\n\t\t\t<div class=\"elementor-post__card\">\n\t\t\t\t<a class=\"elementor-post__thumbnail__link\" href=\"https:\/\/www.echelecabeza.com\/informe-de-echele-cabeza-en-el-baum-festival-2025\/\" tabindex=\"-1\"><div class=\"elementor-post__thumbnail\"><img loading=\"lazy\" decoding=\"async\" width=\"300\" height=\"200\" src=\"https:\/\/www.echelecabeza.com\/wp-content\/uploads\/2025\/06\/Portada_informeBAUM-300x200.jpg\" class=\"attachment-medium size-medium wp-image-7185\" alt=\"\" srcset=\"https:\/\/www.echelecabeza.com\/wp-content\/uploads\/2025\/06\/Portada_informeBAUM-300x200.jpg 300w, https:\/\/www.echelecabeza.com\/wp-content\/uploads\/2025\/06\/Portada_informeBAUM-1024x683.jpg 1024w, https:\/\/www.echelecabeza.com\/wp-content\/uploads\/2025\/06\/Portada_informeBAUM-768x512.jpg 768w, https:\/\/www.echelecabeza.com\/wp-content\/uploads\/2025\/06\/Portada_informeBAUM-1536x1024.jpg 1536w, https:\/\/www.echelecabeza.com\/wp-content\/uploads\/2025\/06\/Portada_informeBAUM.jpg 1621w\" sizes=\"(max-width: 300px) 100vw, 300px\" title=\"\"><\/div><\/a>\n\t\t\t\t<div class=\"elementor-post__badge\">Publicaciones<\/div>\n\t\t\t\t<div class=\"elementor-post__text\">\n\t\t\t\t<h2 class=\"elementor-post__title\">\n\t\t\t<a href=\"https:\/\/www.echelecabeza.com\/informe-de-echele-cabeza-en-el-baum-festival-2025\/\">\n\t\t\t\tNADIE MURI\u00d3 ESTE A\u00d1O PORQUE LA REDUCCI\u00d3N DE DA\u00d1OS SALVA VIDAS: INFORME DE \u00c9CHELE CABEZA EN EL BAUM FESTIVAL 2025\t\t\t<\/a>\n\t\t<\/h2>\n\t\t\t\t<div class=\"elementor-post__excerpt\">\n\t\t\t<p>Conoce los resultados de la intervenci\u00f3n de \u00c9chele Cabeza en el BAUM Festival 2025: m\u00e1s de 1.100 muestras analizadas, cero muertes y cientos de vidas cuidadas con reducci\u00f3n de da\u00f1os.<\/p>\n\t\t<\/div>\n\t\t\t\t\t<div class=\"elementor-post__read-more-wrapper\">\n\t\t\n\t\t<a class=\"elementor-post__read-more\" href=\"https:\/\/www.echelecabeza.com\/informe-de-echele-cabeza-en-el-baum-festival-2025\/\" aria-label=\"Read more about NADIE MURI\u00d3 ESTE A\u00d1O PORQUE LA REDUCCI\u00d3N DE DA\u00d1OS SALVA VIDAS: INFORME DE \u00c9CHELE CABEZA EN EL BAUM FESTIVAL 2025\" tabindex=\"-1\">\n\t\t\tContinua leyendo\t\t<\/a>\n\n\t\t\t\t\t<\/div>\n\t\t\t\t<\/div>\n\t\t\t\t<div class=\"elementor-post__meta-data\">\n\t\t\t\t\t<span class=\"elementor-post-date\">\n\t\t\tjunio 17, 2025\t\t<\/span>\n\t\t\t\t<\/div>\n\t\t\t\t\t<\/div>\n\t\t<\/article>\n\t\t\t\t<article class=\"elementor-post elementor-grid-item post-7132 post type-post status-publish format-standard has-post-thumbnail hentry category-publicaciones\" role=\"listitem\">\n\t\t\t<div class=\"elementor-post__card\">\n\t\t\t\t<a class=\"elementor-post__thumbnail__link\" href=\"https:\/\/www.echelecabeza.com\/instagram-nos-suspendio-de-nuevo-que-esta-pasando-con-la-moderacion-de-contenido\/\" tabindex=\"-1\"><div class=\"elementor-post__thumbnail\"><img loading=\"lazy\" decoding=\"async\" width=\"300\" height=\"169\" src=\"https:\/\/www.echelecabeza.com\/wp-content\/uploads\/2025\/05\/Censura-de-Echele-Cabeza-en-redes-300x169.jpg\" class=\"attachment-medium size-medium wp-image-7133\" alt=\"\" srcset=\"https:\/\/www.echelecabeza.com\/wp-content\/uploads\/2025\/05\/Censura-de-Echele-Cabeza-en-redes-300x169.jpg 300w, https:\/\/www.echelecabeza.com\/wp-content\/uploads\/2025\/05\/Censura-de-Echele-Cabeza-en-redes-1024x576.jpg 1024w, https:\/\/www.echelecabeza.com\/wp-content\/uploads\/2025\/05\/Censura-de-Echele-Cabeza-en-redes-768x432.jpg 768w, https:\/\/www.echelecabeza.com\/wp-content\/uploads\/2025\/05\/Censura-de-Echele-Cabeza-en-redes-1536x864.jpg 1536w, https:\/\/www.echelecabeza.com\/wp-content\/uploads\/2025\/05\/Censura-de-Echele-Cabeza-en-redes.jpg 1921w\" sizes=\"(max-width: 300px) 100vw, 300px\" title=\"\"><\/div><\/a>\n\t\t\t\t<div class=\"elementor-post__badge\">Publicaciones<\/div>\n\t\t\t\t<div class=\"elementor-post__text\">\n\t\t\t\t<h2 class=\"elementor-post__title\">\n\t\t\t<a href=\"https:\/\/www.echelecabeza.com\/instagram-nos-suspendio-de-nuevo-que-esta-pasando-con-la-moderacion-de-contenido\/\">\n\t\t\t\tInstagram nos suspendi\u00f3 de nuevo: \u00bfQu\u00e9 est\u00e1 pasando con la moderaci\u00f3n de contenido?\t\t\t<\/a>\n\t\t<\/h2>\n\t\t\t\t<div class=\"elementor-post__excerpt\">\n\t\t\t<p>Instagram suspendi\u00f3 por segunda vez la cuenta de \u00c9chele Cabeza. Denunciamos censura digital y sistem\u00e1tica a proyectos de salud p\u00fablica y exigimos transparencia.<\/p>\n\t\t<\/div>\n\t\t\t\t\t<div class=\"elementor-post__read-more-wrapper\">\n\t\t\n\t\t<a class=\"elementor-post__read-more\" href=\"https:\/\/www.echelecabeza.com\/instagram-nos-suspendio-de-nuevo-que-esta-pasando-con-la-moderacion-de-contenido\/\" aria-label=\"Read more about Instagram nos suspendi\u00f3 de nuevo: \u00bfQu\u00e9 est\u00e1 pasando con la moderaci\u00f3n de contenido?\" tabindex=\"-1\">\n\t\t\tContinua leyendo\t\t<\/a>\n\n\t\t\t\t\t<\/div>\n\t\t\t\t<\/div>\n\t\t\t\t<div class=\"elementor-post__meta-data\">\n\t\t\t\t\t<span class=\"elementor-post-date\">\n\t\t\tmayo 22, 2025\t\t<\/span>\n\t\t\t\t<\/div>\n\t\t\t\t\t<\/div>\n\t\t<\/article>\n\t\t\t\t<article class=\"elementor-post elementor-grid-item post-7108 post type-post status-publish format-image has-post-thumbnail hentry category-publicaciones post_format-post-format-image\" role=\"listitem\">\n\t\t\t<div class=\"elementor-post__card\">\n\t\t\t\t<a class=\"elementor-post__thumbnail__link\" href=\"https:\/\/www.echelecabeza.com\/censura-digital-y-reduccion-de-danos-el-reto-de-hablar-sobre-drogas-en-redes-sociales\/\" tabindex=\"-1\"><div class=\"elementor-post__thumbnail\"><img loading=\"lazy\" decoding=\"async\" width=\"300\" height=\"197\" src=\"https:\/\/www.echelecabeza.com\/wp-content\/uploads\/2025\/05\/Censura_Echele_Cabeza_como-las_plataformas_afectan_el_acceso_a_la_informacion_sobr_drogas-1-300x197.jpg\" class=\"attachment-medium size-medium wp-image-7117\" alt=\"Derechos digitales y reducci\u00f3n de da\u00f1os: c\u00f3mo las plataformas afectan el acceso a la informaci\u00f3n sobre drogas\" srcset=\"https:\/\/www.echelecabeza.com\/wp-content\/uploads\/2025\/05\/Censura_Echele_Cabeza_como-las_plataformas_afectan_el_acceso_a_la_informacion_sobr_drogas-1-300x197.jpg 300w, https:\/\/www.echelecabeza.com\/wp-content\/uploads\/2025\/05\/Censura_Echele_Cabeza_como-las_plataformas_afectan_el_acceso_a_la_informacion_sobr_drogas-1-1024x674.jpg 1024w, https:\/\/www.echelecabeza.com\/wp-content\/uploads\/2025\/05\/Censura_Echele_Cabeza_como-las_plataformas_afectan_el_acceso_a_la_informacion_sobr_drogas-1-768x505.jpg 768w, https:\/\/www.echelecabeza.com\/wp-content\/uploads\/2025\/05\/Censura_Echele_Cabeza_como-las_plataformas_afectan_el_acceso_a_la_informacion_sobr_drogas-1-1536x1011.jpg 1536w, https:\/\/www.echelecabeza.com\/wp-content\/uploads\/2025\/05\/Censura_Echele_Cabeza_como-las_plataformas_afectan_el_acceso_a_la_informacion_sobr_drogas-1.jpg 1641w\" sizes=\"(max-width: 300px) 100vw, 300px\" title=\"\"><\/div><\/a>\n\t\t\t\t<div class=\"elementor-post__badge\">Publicaciones<\/div>\n\t\t\t\t<div class=\"elementor-post__text\">\n\t\t\t\t<h2 class=\"elementor-post__title\">\n\t\t\t<a href=\"https:\/\/www.echelecabeza.com\/censura-digital-y-reduccion-de-danos-el-reto-de-hablar-sobre-drogas-en-redes-sociales\/\">\n\t\t\t\tDerechos digitales y reducci\u00f3n de da\u00f1os: c\u00f3mo las plataformas afectan el acceso a la informaci\u00f3n sobre drogas\t\t\t<\/a>\n\t\t<\/h2>\n\t\t\t\t<div class=\"elementor-post__excerpt\">\n\t\t\t<p>La censura en redes sociales limita el acceso a informaci\u00f3n clave sobre drogas y reducci\u00f3n de da\u00f1os. En \u00c9chele Cabeza analizamos c\u00f3mo los algoritmos de plataformas digitales afectan los derechos digitales, la libertad de expresi\u00f3n y el acceso a educaci\u00f3n en salud p\u00fablica.<\/p>\n\t\t<\/div>\n\t\t\t\t\t<div class=\"elementor-post__read-more-wrapper\">\n\t\t\n\t\t<a class=\"elementor-post__read-more\" href=\"https:\/\/www.echelecabeza.com\/censura-digital-y-reduccion-de-danos-el-reto-de-hablar-sobre-drogas-en-redes-sociales\/\" aria-label=\"Read more about Derechos digitales y reducci\u00f3n de da\u00f1os: c\u00f3mo las plataformas afectan el acceso a la informaci\u00f3n sobre drogas\" tabindex=\"-1\">\n\t\t\tContinua leyendo\t\t<\/a>\n\n\t\t\t\t\t<\/div>\n\t\t\t\t<\/div>\n\t\t\t\t<div class=\"elementor-post__meta-data\">\n\t\t\t\t\t<span class=\"elementor-post-date\">\n\t\t\tmayo 14, 2025\t\t<\/span>\n\t\t\t\t<\/div>\n\t\t\t\t\t<\/div>\n\t\t<\/article>\n\t\t\t\t<article class=\"elementor-post elementor-grid-item post-6693 post type-post status-publish format-standard has-post-thumbnail hentry category-publicaciones\" role=\"listitem\">\n\t\t\t<div class=\"elementor-post__card\">\n\t\t\t\t<a class=\"elementor-post__thumbnail__link\" href=\"https:\/\/www.echelecabeza.com\/que-dijeron-los-medios-en-america-del-norte-y-colombia-sobre-el-fentanilo-entre-2016-y-2024\/\" tabindex=\"-1\"><div class=\"elementor-post__thumbnail\"><img loading=\"lazy\" decoding=\"async\" width=\"300\" height=\"169\" src=\"https:\/\/www.echelecabeza.com\/wp-content\/uploads\/2025\/04\/fentanilo-en-medios-analisis-de-titulares-2016-2024-300x169.webp\" class=\"attachment-medium size-medium wp-image-6694\" alt=\"\" srcset=\"https:\/\/www.echelecabeza.com\/wp-content\/uploads\/2025\/04\/fentanilo-en-medios-analisis-de-titulares-2016-2024-300x169.webp 300w, https:\/\/www.echelecabeza.com\/wp-content\/uploads\/2025\/04\/fentanilo-en-medios-analisis-de-titulares-2016-2024-1024x576.webp 1024w, https:\/\/www.echelecabeza.com\/wp-content\/uploads\/2025\/04\/fentanilo-en-medios-analisis-de-titulares-2016-2024-768x432.webp 768w, https:\/\/www.echelecabeza.com\/wp-content\/uploads\/2025\/04\/fentanilo-en-medios-analisis-de-titulares-2016-2024-1536x864.webp 1536w, https:\/\/www.echelecabeza.com\/wp-content\/uploads\/2025\/04\/fentanilo-en-medios-analisis-de-titulares-2016-2024.webp 1921w\" sizes=\"(max-width: 300px) 100vw, 300px\" title=\"\"><\/div><\/a>\n\t\t\t\t<div class=\"elementor-post__badge\">Publicaciones<\/div>\n\t\t\t\t<div class=\"elementor-post__text\">\n\t\t\t\t<h2 class=\"elementor-post__title\">\n\t\t\t<a href=\"https:\/\/www.echelecabeza.com\/que-dijeron-los-medios-en-america-del-norte-y-colombia-sobre-el-fentanilo-entre-2016-y-2024\/\">\n\t\t\t\t\u00bfQU\u00c9 DIJERON LOS MEDIOS EN AM\u00c9RICA DEL NORTE Y COLOMBIA SOBRE EL FENTANILO ENTRE 2016 y 2024?\t\t\t<\/a>\n\t\t<\/h2>\n\t\t\t\t<div class=\"elementor-post__excerpt\">\n\t\t\t<p>\u00bfQU\u00c9 DIJERON LOS MEDIOS EN AM\u00c9RICA DEL NORTE Y COLOMBIA SOBRE EL FENTANILO ENTRE 2016 y 2024? Entre la punitividad, seguridad, crimen, negocio y muerte Por Sebasti\u00e1n Acosta comunicador Comunicador social \u2013 Voluntario \u00c9chele Cabeza Un an\u00e1lisis de m\u00e1s de 22.000 titulares en ingl\u00e9s, espa\u00f1ol y franc\u00e9s, provenientes de medios<\/p>\n\t\t<\/div>\n\t\t\t\t\t<div class=\"elementor-post__read-more-wrapper\">\n\t\t\n\t\t<a class=\"elementor-post__read-more\" href=\"https:\/\/www.echelecabeza.com\/que-dijeron-los-medios-en-america-del-norte-y-colombia-sobre-el-fentanilo-entre-2016-y-2024\/\" aria-label=\"Read more about \u00bfQU\u00c9 DIJERON LOS MEDIOS EN AM\u00c9RICA DEL NORTE Y COLOMBIA SOBRE EL FENTANILO ENTRE 2016 y 2024?\" tabindex=\"-1\">\n\t\t\tContinua leyendo\t\t<\/a>\n\n\t\t\t\t\t<\/div>\n\t\t\t\t<\/div>\n\t\t\t\t<div class=\"elementor-post__meta-data\">\n\t\t\t\t\t<span class=\"elementor-post-date\">\n\t\t\tabril 17, 2025\t\t<\/span>\n\t\t\t\t<\/div>\n\t\t\t\t\t<\/div>\n\t\t<\/article>\n\t\t\t\t<article class=\"elementor-post elementor-grid-item post-6687 post type-post status-publish format-standard has-post-thumbnail hentry category-publicaciones\" role=\"listitem\">\n\t\t\t<div class=\"elementor-post__card\">\n\t\t\t\t<a class=\"elementor-post__thumbnail__link\" href=\"https:\/\/www.echelecabeza.com\/tu-si-sabes-cuidarte\/\" tabindex=\"-1\"><div class=\"elementor-post__thumbnail\"><img loading=\"lazy\" decoding=\"async\" width=\"300\" height=\"169\" src=\"https:\/\/www.echelecabeza.com\/wp-content\/uploads\/2025\/04\/Portada_Tu-si-scaled-1-300x169.webp\" class=\"attachment-medium size-medium wp-image-6688\" alt=\"\" srcset=\"https:\/\/www.echelecabeza.com\/wp-content\/uploads\/2025\/04\/Portada_Tu-si-scaled-1-300x169.webp 300w, https:\/\/www.echelecabeza.com\/wp-content\/uploads\/2025\/04\/Portada_Tu-si-scaled-1-1024x576.webp 1024w, https:\/\/www.echelecabeza.com\/wp-content\/uploads\/2025\/04\/Portada_Tu-si-scaled-1-768x432.webp 768w, https:\/\/www.echelecabeza.com\/wp-content\/uploads\/2025\/04\/Portada_Tu-si-scaled-1.webp 1536w\" sizes=\"(max-width: 300px) 100vw, 300px\" title=\"\"><\/div><\/a>\n\t\t\t\t<div class=\"elementor-post__badge\">Publicaciones<\/div>\n\t\t\t\t<div class=\"elementor-post__text\">\n\t\t\t\t<h2 class=\"elementor-post__title\">\n\t\t\t<a href=\"https:\/\/www.echelecabeza.com\/tu-si-sabes-cuidarte\/\">\n\t\t\t\tT\u00fa-S\u00ed Sabes Cuidarte\t\t\t<\/a>\n\t\t<\/h2>\n\t\t\t\t<div class=\"elementor-post__excerpt\">\n\t\t\t<p>El consumo de drogas y el trabajo sexual no est\u00e1n penalizados en Colombia, pero juntos se convierten en un factor de riesgos asociado a la fiesta y el turismo. Condenamos especialmente cualquier delito de abuso sexual de menores de edad, trata de personas, violencia o sumisi\u00f3n qu\u00edmica.<\/p>\n\t\t<\/div>\n\t\t\t\t\t<div class=\"elementor-post__read-more-wrapper\">\n\t\t\n\t\t<a class=\"elementor-post__read-more\" href=\"https:\/\/www.echelecabeza.com\/tu-si-sabes-cuidarte\/\" aria-label=\"Read more about T\u00fa-S\u00ed Sabes Cuidarte\" tabindex=\"-1\">\n\t\t\tContinua leyendo\t\t<\/a>\n\n\t\t\t\t\t<\/div>\n\t\t\t\t<\/div>\n\t\t\t\t<div class=\"elementor-post__meta-data\">\n\t\t\t\t\t<span class=\"elementor-post-date\">\n\t\t\tabril 17, 2025\t\t<\/span>\n\t\t\t\t<\/div>\n\t\t\t\t\t<\/div>\n\t\t<\/article>\n\t\t\t\t<article class=\"elementor-post elementor-grid-item post-6689 post type-post status-publish format-standard has-post-thumbnail hentry category-publicaciones\" role=\"listitem\">\n\t\t\t<div class=\"elementor-post__card\">\n\t\t\t\t<a class=\"elementor-post__thumbnail__link\" href=\"https:\/\/www.echelecabeza.com\/el-cuidado-tambien-se-baila-informe-del-festival-estereo-picnic-2025\/\" tabindex=\"-1\"><div class=\"elementor-post__thumbnail\"><img loading=\"lazy\" decoding=\"async\" width=\"300\" height=\"169\" src=\"https:\/\/www.echelecabeza.com\/wp-content\/uploads\/2025\/04\/PortadaWEB_FEP-300x169.webp\" class=\"attachment-medium size-medium wp-image-6690\" alt=\"\" srcset=\"https:\/\/www.echelecabeza.com\/wp-content\/uploads\/2025\/04\/PortadaWEB_FEP-300x169.webp 300w, https:\/\/www.echelecabeza.com\/wp-content\/uploads\/2025\/04\/PortadaWEB_FEP-1024x576.webp 1024w, https:\/\/www.echelecabeza.com\/wp-content\/uploads\/2025\/04\/PortadaWEB_FEP-768x432.webp 768w, https:\/\/www.echelecabeza.com\/wp-content\/uploads\/2025\/04\/PortadaWEB_FEP-1536x864.webp 1536w, https:\/\/www.echelecabeza.com\/wp-content\/uploads\/2025\/04\/PortadaWEB_FEP.webp 1921w\" sizes=\"(max-width: 300px) 100vw, 300px\" title=\"\"><\/div><\/a>\n\t\t\t\t<div class=\"elementor-post__badge\">Publicaciones<\/div>\n\t\t\t\t<div class=\"elementor-post__text\">\n\t\t\t\t<h2 class=\"elementor-post__title\">\n\t\t\t<a href=\"https:\/\/www.echelecabeza.com\/el-cuidado-tambien-se-baila-informe-del-festival-estereo-picnic-2025\/\">\n\t\t\t\tEl cuidado tambi\u00e9n se baila: Informe del Festival Est\u00e9reo Picnic 2025\t\t\t<\/a>\n\t\t<\/h2>\n\t\t\t\t<div class=\"elementor-post__excerpt\">\n\t\t\t<p>Durante cuatro d\u00edas de m\u00fasica, baile y comunidad, \u00c9chele Cabeza se hizo presente una vez m\u00e1s en el Festival Est\u00e9reo Picnic con un prop\u00f3sito claro: cuidar sin juzgar. Nuestra participaci\u00f3n combin\u00f3 ciencia, escucha activa y pedagog\u00eda para acompa\u00f1ar a las personas que decidieron disfrutar del festival con consumo de sustancias psicoactivas, desde un enfoque de salud p\u00fablica, derechos humanos y cuidado colectivo.<\/p>\n\t\t<\/div>\n\t\t\t\t\t<div class=\"elementor-post__read-more-wrapper\">\n\t\t\n\t\t<a class=\"elementor-post__read-more\" href=\"https:\/\/www.echelecabeza.com\/el-cuidado-tambien-se-baila-informe-del-festival-estereo-picnic-2025\/\" aria-label=\"Read more about El cuidado tambi\u00e9n se baila: Informe del Festival Est\u00e9reo Picnic 2025\" tabindex=\"-1\">\n\t\t\tContinua leyendo\t\t<\/a>\n\n\t\t\t\t\t<\/div>\n\t\t\t\t<\/div>\n\t\t\t\t<div class=\"elementor-post__meta-data\">\n\t\t\t\t\t<span class=\"elementor-post-date\">\n\t\t\tabril 17, 2025\t\t<\/span>\n\t\t\t\t<\/div>\n\t\t\t\t\t<\/div>\n\t\t<\/article>\n\t\t\t\t<article class=\"elementor-post elementor-grid-item post-6683 post type-post status-publish format-standard has-post-thumbnail hentry category-publicaciones\" role=\"listitem\">\n\t\t\t<div class=\"elementor-post__card\">\n\t\t\t\t<a class=\"elementor-post__thumbnail__link\" href=\"https:\/\/www.echelecabeza.com\/articulo-viche-y-tragos-artesanales\/\" tabindex=\"-1\"><div class=\"elementor-post__thumbnail\"><img loading=\"lazy\" decoding=\"async\" width=\"300\" height=\"169\" src=\"https:\/\/www.echelecabeza.com\/wp-content\/uploads\/2025\/04\/viche-y-tragos-artesanales.webp\" class=\"attachment-medium size-medium wp-image-6684\" alt=\"\" title=\"\"><\/div><\/a>\n\t\t\t\t<div class=\"elementor-post__badge\">Publicaciones<\/div>\n\t\t\t\t<div class=\"elementor-post__text\">\n\t\t\t\t<h2 class=\"elementor-post__title\">\n\t\t\t<a href=\"https:\/\/www.echelecabeza.com\/articulo-viche-y-tragos-artesanales\/\">\n\t\t\t\tArt\u00edculo Viche y tragos artesanales\t\t\t<\/a>\n\t\t<\/h2>\n\t\t\t\t<div class=\"elementor-post__excerpt\">\n\t\t\t<p>En Colombia existe una gran diversidad de bebidas de elaboraci\u00f3n artesanal con diversos nombres, entre ellos se encuentran El Chapil de Nari\u00f1o, El Chirrinchi de la Guajira, El Tapetusa de Guarne, el Bush Rum de San Andr\u00e9s, El Bolegancho de Norte de Santander, o el Viche\/Biche del Pacifico Colombiano (Ortiz, s\/f). <\/p>\n\t\t<\/div>\n\t\t\t\t\t<div class=\"elementor-post__read-more-wrapper\">\n\t\t\n\t\t<a class=\"elementor-post__read-more\" href=\"https:\/\/www.echelecabeza.com\/articulo-viche-y-tragos-artesanales\/\" aria-label=\"Read more about Art\u00edculo Viche y tragos artesanales\" tabindex=\"-1\">\n\t\t\tContinua leyendo\t\t<\/a>\n\n\t\t\t\t\t<\/div>\n\t\t\t\t<\/div>\n\t\t\t\t<div class=\"elementor-post__meta-data\">\n\t\t\t\t\t<span class=\"elementor-post-date\">\n\t\t\tabril 17, 2025\t\t<\/span>\n\t\t\t\t<\/div>\n\t\t\t\t\t<\/div>\n\t\t<\/article>\n\t\t\t\t<article class=\"elementor-post elementor-grid-item post-6679 post type-post status-publish format-standard has-post-thumbnail hentry category-publicaciones\" role=\"listitem\">\n\t\t\t<div class=\"elementor-post__card\">\n\t\t\t\t<a class=\"elementor-post__thumbnail__link\" href=\"https:\/\/www.echelecabeza.com\/sin-miedo-sin-culpa-sin-juicios-una-forma-digna-de-atencion-en-salud-a-quienes-consumen-spa\/\" tabindex=\"-1\"><div class=\"elementor-post__thumbnail\"><img loading=\"lazy\" decoding=\"async\" width=\"300\" height=\"169\" src=\"https:\/\/www.echelecabeza.com\/wp-content\/uploads\/2025\/04\/Orientacion_psico_portadaWEB.webp\" class=\"attachment-medium size-medium wp-image-6680\" alt=\"\" title=\"\"><\/div><\/a>\n\t\t\t\t<div class=\"elementor-post__badge\">Publicaciones<\/div>\n\t\t\t\t<div class=\"elementor-post__text\">\n\t\t\t\t<h2 class=\"elementor-post__title\">\n\t\t\t<a href=\"https:\/\/www.echelecabeza.com\/sin-miedo-sin-culpa-sin-juicios-una-forma-digna-de-atencion-en-salud-a-quienes-consumen-spa\/\">\n\t\t\t\tSin miedo, sin culpa, sin juicios: una forma digna de atenci\u00f3n en salud a quienes consumen SPA\t\t\t<\/a>\n\t\t<\/h2>\n\t\t\t\t<div class=\"elementor-post__excerpt\">\n\t\t\t<p>Sin miedo, sin culpa, sin juicios: una forma digna de atenci\u00f3n en salud a quienes consumen SPA Por: Nicol\u00e1s Fern\u00e1ndez Ardila Psicoterapeuta \u2013 Voluntario \u00c9chele Cabeza Articulo Consultar a un profesional de la salud cuando consumes sustancias psicoactivas (SPA) es como intentar tomar transporte en hora pico: t\u00e9cnicamente hay un<\/p>\n\t\t<\/div>\n\t\t\t\t\t<div class=\"elementor-post__read-more-wrapper\">\n\t\t\n\t\t<a class=\"elementor-post__read-more\" href=\"https:\/\/www.echelecabeza.com\/sin-miedo-sin-culpa-sin-juicios-una-forma-digna-de-atencion-en-salud-a-quienes-consumen-spa\/\" aria-label=\"Read more about Sin miedo, sin culpa, sin juicios: una forma digna de atenci\u00f3n en salud a quienes consumen SPA\" tabindex=\"-1\">\n\t\t\tContinua leyendo\t\t<\/a>\n\n\t\t\t\t\t<\/div>\n\t\t\t\t<\/div>\n\t\t\t\t<div class=\"elementor-post__meta-data\">\n\t\t\t\t\t<span class=\"elementor-post-date\">\n\t\t\tabril 17, 2025\t\t<\/span>\n\t\t\t\t<\/div>\n\t\t\t\t\t<\/div>\n\t\t<\/article>\n\t\t\t\t<article class=\"elementor-post elementor-grid-item post-7170 post type-post status-publish format-standard has-post-thumbnail hentry category-publicaciones\" role=\"listitem\">\n\t\t\t<div class=\"elementor-post__card\">\n\t\t\t\t<a class=\"elementor-post__thumbnail__link\" href=\"https:\/\/www.echelecabeza.com\/sin-camas-para-la-muerte\/\" tabindex=\"-1\"><div class=\"elementor-post__thumbnail\"><img loading=\"lazy\" decoding=\"async\" width=\"300\" height=\"169\" src=\"https:\/\/www.echelecabeza.com\/wp-content\/uploads\/2024\/12\/Portada_hoteles_Med-1-300x169.jpg\" class=\"attachment-medium size-medium wp-image-7172\" alt=\"\" srcset=\"https:\/\/www.echelecabeza.com\/wp-content\/uploads\/2024\/12\/Portada_hoteles_Med-1-300x169.jpg 300w, https:\/\/www.echelecabeza.com\/wp-content\/uploads\/2024\/12\/Portada_hoteles_Med-1-1024x576.jpg 1024w, https:\/\/www.echelecabeza.com\/wp-content\/uploads\/2024\/12\/Portada_hoteles_Med-1-768x432.jpg 768w, https:\/\/www.echelecabeza.com\/wp-content\/uploads\/2024\/12\/Portada_hoteles_Med-1-1536x864.jpg 1536w, https:\/\/www.echelecabeza.com\/wp-content\/uploads\/2024\/12\/Portada_hoteles_Med-1.jpg 1920w\" sizes=\"(max-width: 300px) 100vw, 300px\" title=\"\"><\/div><\/a>\n\t\t\t\t<div class=\"elementor-post__badge\">Publicaciones<\/div>\n\t\t\t\t<div class=\"elementor-post__text\">\n\t\t\t\t<h2 class=\"elementor-post__title\">\n\t\t\t<a href=\"https:\/\/www.echelecabeza.com\/sin-camas-para-la-muerte\/\">\n\t\t\t\tSin camas para la muerte\t\t\t<\/a>\n\t\t<\/h2>\n\t\t\t\t<div class=\"elementor-post__excerpt\">\n\t\t\t<p>\u00bfSabes qu\u00e9 contiene el \u201ctusi\u201d y por qu\u00e9 se ha vuelto tan peligroso mezclarlo con otras sustancias como alcohol y viagra?, Respuesta:\u00a0El tusi es una combinaci\u00f3n de sustancias que viene en un polvo generalmente rosado. Aunque no hay una \u00fanica receta, la ketamina y el \u00e9xtasis son los componentes m\u00e1s<\/p>\n\t\t<\/div>\n\t\t\t\t\t<div class=\"elementor-post__read-more-wrapper\">\n\t\t\n\t\t<a class=\"elementor-post__read-more\" href=\"https:\/\/www.echelecabeza.com\/sin-camas-para-la-muerte\/\" aria-label=\"Read more about Sin camas para la muerte\" tabindex=\"-1\">\n\t\t\tContinua leyendo\t\t<\/a>\n\n\t\t\t\t\t<\/div>\n\t\t\t\t<\/div>\n\t\t\t\t<div class=\"elementor-post__meta-data\">\n\t\t\t\t\t<span class=\"elementor-post-date\">\n\t\t\tdiciembre 4, 2024\t\t<\/span>\n\t\t\t\t<\/div>\n\t\t\t\t\t<\/div>\n\t\t<\/article>\n\t\t\t\t<article class=\"elementor-post elementor-grid-item post-5235 post type-post status-publish format-standard has-post-thumbnail hentry category-publicaciones\" role=\"listitem\">\n\t\t\t<div class=\"elementor-post__card\">\n\t\t\t\t<a class=\"elementor-post__thumbnail__link\" href=\"https:\/\/www.echelecabeza.com\/el-fin-del-rave\/\" tabindex=\"-1\"><div class=\"elementor-post__thumbnail\"><img loading=\"lazy\" decoding=\"async\" width=\"300\" height=\"169\" src=\"https:\/\/www.echelecabeza.com\/wp-content\/uploads\/2024\/10\/Findelrave_Portada-scaled-2-300x169.webp\" class=\"attachment-medium size-medium wp-image-5407\" alt=\"\" srcset=\"https:\/\/www.echelecabeza.com\/wp-content\/uploads\/2024\/10\/Findelrave_Portada-scaled-2-300x169.webp 300w, https:\/\/www.echelecabeza.com\/wp-content\/uploads\/2024\/10\/Findelrave_Portada-scaled-2-1024x576.webp 1024w, https:\/\/www.echelecabeza.com\/wp-content\/uploads\/2024\/10\/Findelrave_Portada-scaled-2-768x432.webp 768w, https:\/\/www.echelecabeza.com\/wp-content\/uploads\/2024\/10\/Findelrave_Portada-scaled-2.webp 1536w\" sizes=\"(max-width: 300px) 100vw, 300px\" title=\"\"><\/div><\/a>\n\t\t\t\t<div class=\"elementor-post__badge\">Publicaciones<\/div>\n\t\t\t\t<div class=\"elementor-post__text\">\n\t\t\t\t<h2 class=\"elementor-post__title\">\n\t\t\t<a href=\"https:\/\/www.echelecabeza.com\/el-fin-del-rave\/\">\n\t\t\t\t\u00bfEl Fin del Rave?\t\t\t<\/a>\n\t\t<\/h2>\n\t\t\t\t<div class=\"elementor-post__excerpt\">\n\t\t\t<p>La fiesta undergraund dej\u00f3 de ser lo que era y ahora sus practicas la han llevado al mainstream uniforme y comercial del que se quer\u00eda diferenciar. <\/p>\n\t\t<\/div>\n\t\t\t\t\t<div class=\"elementor-post__read-more-wrapper\">\n\t\t\n\t\t<a class=\"elementor-post__read-more\" href=\"https:\/\/www.echelecabeza.com\/el-fin-del-rave\/\" aria-label=\"Read more about \u00bfEl Fin del Rave?\" tabindex=\"-1\">\n\t\t\tContinua leyendo\t\t<\/a>\n\n\t\t\t\t\t<\/div>\n\t\t\t\t<\/div>\n\t\t\t\t<div class=\"elementor-post__meta-data\">\n\t\t\t\t\t<span class=\"elementor-post-date\">\n\t\t\toctubre 13, 2024\t\t<\/span>\n\t\t\t\t<\/div>\n\t\t\t\t\t<\/div>\n\t\t<\/article>\n\t\t\t\t<article class=\"elementor-post elementor-grid-item post-5231 post type-post status-publish format-standard has-post-thumbnail hentry category-publicaciones\" role=\"listitem\">\n\t\t\t<div class=\"elementor-post__card\">\n\t\t\t\t<a class=\"elementor-post__thumbnail__link\" href=\"https:\/\/www.echelecabeza.com\/guia-sobre-interaccion-de-medicamentos-con-sustancias-psicoactivas-spa\/\" tabindex=\"-1\"><div class=\"elementor-post__thumbnail\"><img loading=\"lazy\" decoding=\"async\" width=\"300\" height=\"169\" src=\"https:\/\/www.echelecabeza.com\/wp-content\/uploads\/2024\/10\/Banner-Guia-SustanciasMed-pdf-300x169.jpg\" class=\"attachment-medium size-medium wp-image-5409\" alt=\"\" srcset=\"https:\/\/www.echelecabeza.com\/wp-content\/uploads\/2024\/10\/Banner-Guia-SustanciasMed-pdf-300x169.jpg 300w, https:\/\/www.echelecabeza.com\/wp-content\/uploads\/2024\/10\/Banner-Guia-SustanciasMed-pdf-1024x576.jpg 1024w, https:\/\/www.echelecabeza.com\/wp-content\/uploads\/2024\/10\/Banner-Guia-SustanciasMed-pdf-768x432.jpg 768w, https:\/\/www.echelecabeza.com\/wp-content\/uploads\/2024\/10\/Banner-Guia-SustanciasMed-pdf-1536x864.jpg 1536w, https:\/\/www.echelecabeza.com\/wp-content\/uploads\/2024\/10\/Banner-Guia-SustanciasMed-pdf-2048x1152.jpg 2048w\" sizes=\"(max-width: 300px) 100vw, 300px\" title=\"\"><\/div><\/a>\n\t\t\t\t<div class=\"elementor-post__badge\">Publicaciones<\/div>\n\t\t\t\t<div class=\"elementor-post__text\">\n\t\t\t\t<h2 class=\"elementor-post__title\">\n\t\t\t<a href=\"https:\/\/www.echelecabeza.com\/guia-sobre-interaccion-de-medicamentos-con-sustancias-psicoactivas-spa\/\">\n\t\t\t\tGu\u00eda sobre interacci\u00f3n de medicamentos con sustancias psicoactivas &#8211; SPA\t\t\t<\/a>\n\t\t<\/h2>\n\t\t\t\t<div class=\"elementor-post__excerpt\">\n\t\t\t<p>Porque ustedes lo han pedido. Nuestra primera aproximaci\u00f3n a la interacci\u00f3n entre sustancias y medicamentos. Leer y aplicar con precauci\u00f3n son muchas las variables a tener en cuenta. <\/p>\n\t\t<\/div>\n\t\t\t\t\t<div class=\"elementor-post__read-more-wrapper\">\n\t\t\n\t\t<a class=\"elementor-post__read-more\" href=\"https:\/\/www.echelecabeza.com\/guia-sobre-interaccion-de-medicamentos-con-sustancias-psicoactivas-spa\/\" aria-label=\"Read more about Gu\u00eda sobre interacci\u00f3n de medicamentos con sustancias psicoactivas &#8211; SPA\" tabindex=\"-1\">\n\t\t\tContinua leyendo\t\t<\/a>\n\n\t\t\t\t\t<\/div>\n\t\t\t\t<\/div>\n\t\t\t\t<div class=\"elementor-post__meta-data\">\n\t\t\t\t\t<span class=\"elementor-post-date\">\n\t\t\toctubre 11, 2024\t\t<\/span>\n\t\t\t\t<\/div>\n\t\t\t\t\t<\/div>\n\t\t<\/article>\n\t\t\t\t<article class=\"elementor-post elementor-grid-item post-5227 post type-post status-publish format-standard has-post-thumbnail hentry category-publicaciones\" role=\"listitem\">\n\t\t\t<div class=\"elementor-post__card\">\n\t\t\t\t<a class=\"elementor-post__thumbnail__link\" href=\"https:\/\/www.echelecabeza.com\/mi-relacion-con-las-sustancias-me-esta-alejando-de-la-vida-que-quiero-vivir\/\" tabindex=\"-1\"><div class=\"elementor-post__thumbnail\"><img loading=\"lazy\" decoding=\"async\" width=\"300\" height=\"169\" src=\"https:\/\/www.echelecabeza.com\/wp-content\/uploads\/2024\/09\/Portada_Art_Spa-Consumo-scaled-1-300x169.webp\" class=\"attachment-medium size-medium wp-image-5411\" alt=\"\" srcset=\"https:\/\/www.echelecabeza.com\/wp-content\/uploads\/2024\/09\/Portada_Art_Spa-Consumo-scaled-1-300x169.webp 300w, https:\/\/www.echelecabeza.com\/wp-content\/uploads\/2024\/09\/Portada_Art_Spa-Consumo-scaled-1-1024x576.webp 1024w, https:\/\/www.echelecabeza.com\/wp-content\/uploads\/2024\/09\/Portada_Art_Spa-Consumo-scaled-1-768x432.webp 768w, https:\/\/www.echelecabeza.com\/wp-content\/uploads\/2024\/09\/Portada_Art_Spa-Consumo-scaled-1.webp 1536w\" sizes=\"(max-width: 300px) 100vw, 300px\" title=\"\"><\/div><\/a>\n\t\t\t\t<div class=\"elementor-post__badge\">Publicaciones<\/div>\n\t\t\t\t<div class=\"elementor-post__text\">\n\t\t\t\t<h2 class=\"elementor-post__title\">\n\t\t\t<a href=\"https:\/\/www.echelecabeza.com\/mi-relacion-con-las-sustancias-me-esta-alejando-de-la-vida-que-quiero-vivir\/\">\n\t\t\t\t\u00bfMi relaci\u00f3n con las sustancias me est\u00e1 alejando de la vida que quiero vivir?\t\t\t<\/a>\n\t\t<\/h2>\n\t\t\t\t<div class=\"elementor-post__excerpt\">\n\t\t\t<p>El pasado 10 de septiembre se llevo a cabo el D\u00eda Mundial para la Prevenci\u00f3n del Suicidio. En el marco del mes quisi\u00e9ramos centrar nuestra atenci\u00f3n en un tema que, dado el contexto social actual, juega un papel crucial en el bienestar emocional y mental de muchas personas: el consumo de sustancias y su relaci\u00f3n con la salud mental. <\/p>\n\t\t<\/div>\n\t\t\t\t\t<div class=\"elementor-post__read-more-wrapper\">\n\t\t\n\t\t<a class=\"elementor-post__read-more\" href=\"https:\/\/www.echelecabeza.com\/mi-relacion-con-las-sustancias-me-esta-alejando-de-la-vida-que-quiero-vivir\/\" aria-label=\"Read more about \u00bfMi relaci\u00f3n con las sustancias me est\u00e1 alejando de la vida que quiero vivir?\" tabindex=\"-1\">\n\t\t\tContinua leyendo\t\t<\/a>\n\n\t\t\t\t\t<\/div>\n\t\t\t\t<\/div>\n\t\t\t\t<div class=\"elementor-post__meta-data\">\n\t\t\t\t\t<span class=\"elementor-post-date\">\n\t\t\tseptiembre 29, 2024\t\t<\/span>\n\t\t\t\t<\/div>\n\t\t\t\t\t<\/div>\n\t\t<\/article>\n\t\t\t\t<\/div>\n\t\t\t\t\t<span class=\"e-load-more-spinner\">\n\t\t\t\t<i aria-hidden=\"true\" class=\"fas fa-spinner\"><\/i>\t\t\t<\/span>\n\t\t\n\t\t\t\t<div class=\"e-load-more-anchor\" data-page=\"1\" data-max-page=\"10\" data-next-page=\"https:\/\/www.echelecabeza.com\/publicaciones\/2\/\"><\/div>\n\t\t\t\t<div class=\"e-load-more-message\"><\/div>\n\t\t\t\t\t\t<\/div>\n\t\t\t\t<\/div>\n\t\t\t\t\t<\/div>\n\t\t<\/div>\n\t\t\t\t\t<\/div>\n\t\t<\/header>\n\t\t\t\t<\/div>\n\t\t","protected":false},"excerpt":{"rendered":"<p>Publicaciones Encuentra todas las publicaciones que \u00c9chele Cabeza. Encuentra art\u00edculos, noticias, infogr\u00e1ficos e informaci\u00f3n importante sobre el consumo responsable de [&hellip;]<\/p>\n","protected":false},"author":3,"featured_media":0,"parent":0,"menu_order":0,"comment_status":"closed","ping_status":"closed","template":"","meta":{"site-sidebar-layout":"no-sidebar","site-content-layout":"","ast-site-content-layout":"full-width-container","site-content-style":"default","site-sidebar-style":"default","ast-global-header-display":"","ast-banner-title-visibility":"","ast-main-header-display":"","ast-hfb-above-header-display":"","ast-hfb-below-header-display":"","ast-hfb-mobile-header-display":"","site-post-title":"disabled","ast-breadcrumbs-content":"","ast-featured-img":"disabled","footer-sml-layout":"","theme-transparent-header-meta":"default","adv-header-id-meta":"","stick-header-meta":"","header-above-stick-meta":"","header-main-stick-meta":"","header-below-stick-meta":"","astra-migrate-meta-layouts":"set","ast-page-background-enabled":"default","ast-page-background-meta":{"desktop":{"background-color":"var(--ast-global-color-4)","background-image":"","background-repeat":"repeat","background-position":"center center","background-size":"auto","background-attachment":"scroll","background-type":"","background-media":"","overlay-type":"","overlay-color":"","overlay-opacity":"","overlay-gradient":""},"tablet":{"background-color":"","background-image":"","background-repeat":"repeat","background-position":"center center","background-size":"auto","background-attachment":"scroll","background-type":"","background-media":"","overlay-type":"","overlay-color":"","overlay-opacity":"","overlay-gradient":""},"mobile":{"background-color":"","background-image":"","background-repeat":"repeat","background-position":"center center","background-size":"auto","background-attachment":"scroll","background-type":"","background-media":"","overlay-type":"","overlay-color":"","overlay-opacity":"","overlay-gradient":""}},"ast-content-background-meta":{"desktop":{"background-color":"var(--ast-global-color-5)","background-image":"","background-repeat":"repeat","background-position":"center center","background-size":"auto","background-attachment":"scroll","background-type":"","background-media":"","overlay-type":"","overlay-color":"","overlay-opacity":"","overlay-gradient":""},"tablet":{"background-color":"var(--ast-global-color-5)","background-image":"","background-repeat":"repeat","background-position":"center center","background-size":"auto","background-attachment":"scroll","background-type":"","background-media":"","overlay-type":"","overlay-color":"","overlay-opacity":"","overlay-gradient":""},"mobile":{"background-color":"var(--ast-global-color-5)","background-image":"","background-repeat":"repeat","background-position":"center center","background-size":"auto","background-attachment":"scroll","background-type":"","background-media":"","overlay-type":"","overlay-color":"","overlay-opacity":"","overlay-gradient":""}},"footnotes":""},"class_list":["post-5909","page","type-page","status-publish","hentry"],"_links":{"self":[{"href":"https:\/\/www.echelecabeza.com\/wp-json\/wp\/v2\/pages\/5909","targetHints":{"allow":["GET"]}}],"collection":[{"href":"https:\/\/www.echelecabeza.com\/wp-json\/wp\/v2\/pages"}],"about":[{"href":"https:\/\/www.echelecabeza.com\/wp-json\/wp\/v2\/types\/page"}],"author":[{"embeddable":true,"href":"https:\/\/www.echelecabeza.com\/wp-json\/wp\/v2\/users\/3"}],"replies":[{"embeddable":true,"href":"https:\/\/www.echelecabeza.com\/wp-json\/wp\/v2\/comments?post=5909"}],"version-history":[{"count":31,"href":"https:\/\/www.echelecabeza.com\/wp-json\/wp\/v2\/pages\/5909\/revisions"}],"predecessor-version":[{"id":7179,"href":"https:\/\/www.echelecabeza.com\/wp-json\/wp\/v2\/pages\/5909\/revisions\/7179"}],"wp:attachment":[{"href":"https:\/\/www.echelecabeza.com\/wp-json\/wp\/v2\/media?parent=5909"}],"curies":[{"name":"wp","href":"https:\/\/api.w.org\/{rel}","templated":true}]}}